{"id":29860,"date":"2008-01-10T19:22:42","date_gmt":"2008-01-10T18:22:42","guid":{"rendered":"https:\/\/www.arc.cz\/portfolio-item\/2008-studie-sidla-antroposoficke-spol\/"},"modified":"2024-07-30T13:38:06","modified_gmt":"2024-07-30T11:38:06","slug":"2008-studie-sidla-antroposoficke-spol","status":"publish","type":"portfolio","link":"https:\/\/www.arc.cz\/de\/portfolio-item\/2008-studie-sidla-antroposoficke-spol\/","title":{"rendered":"Studie des neuen Sitzes der Anthroposophischen Gesellschaft"},"content":{"rendered":"\n<style type=\"text\/css\" data-created_by=\"avia_inline_auto\" id=\"style-css-av-1fdqq2-128b5a23f33df515a7c9281a773bc738\">\n.flex_column.av-1fdqq2-128b5a23f33df515a7c9281a773bc738{\nborder-radius:0px 0px 0px 0px;\npadding:0px 0px 0px 0px;\n}\n<\/style>\n<div  class='flex_column av-1fdqq2-128b5a23f33df515a7c9281a773bc738 av_three_fourth  avia-builder-el-0  el_before_av_one_fourth  avia-builder-el-first  first flex_column_div av-zero-column-padding  '     ><section  class='av_textblock_section av-16gvsq-e8b8fe97bb340ccdffa0c6c84c22badc '   itemscope=\"itemscope\" itemtype=\"https:\/\/schema.org\/CreativeWork\" ><div class='avia_textblock'  itemprop=\"text\" ><p><strong>Studie des neuen Sitzes der Anthroposophischen Gesellschaft der Tschechischen Republik<\/strong>\u00a0mit der\u00a0Methode des gemeinsamen Modellierens.<\/p>\n<p>Das Ziel der Entstehung der Studie war es, die Kr\u00e4fte der Kreativit\u00e4t und Inspiration der Kunden in die Form eines Bildungs-, und Kulturzentrums zu bringen. Der Entwurf wurde in einer Gruppe von 12 &#8211; 15 Leuten 2 Tage lag gemacht. W\u00e4hrend der Arbeit wurden zusammen die Meinungen geteilt und auch die Funktionsteile des Geb\u00e4udes durchdiskutiert. Es handelt sich so um eine k\u00fcnstlerische und auch soziale Ebene der Gestaltung, welche zu einer finalen Einstimmung f\u00fchrte.<\/p>\n<p>\u00a0<\/p>\n<\/div><\/section><\/div>\n\n\n<style type=\"text\/css\" data-created_by=\"avia_inline_auto\" id=\"style-css-av-10uiay-32cefd9bef7f65209baa2474ba5f66af\">\n.flex_column.av-10uiay-32cefd9bef7f65209baa2474ba5f66af{\nborder-radius:0px 0px 0px 0px;\npadding:0px 0px 0px 0px;\n}\n<\/style>\n<div  class='flex_column av-10uiay-32cefd9bef7f65209baa2474ba5f66af av_one_fourth  avia-builder-el-2  el_after_av_three_fourth  el_before_av_three_fourth  flex_column_div av-zero-column-padding  '     ><section  class='av_textblock_section av-y78iq-3362ec613bd024125324b198ae8c9a1a '   itemscope=\"itemscope\" itemtype=\"https:\/\/schema.org\/CreativeWork\" ><div class='avia_textblock'  itemprop=\"text\" >\n<\/div><\/section><\/div>\n\n<div  class='flex_column av-r43c2-bab78e9ba74b1a27943dd08d69691078 av_three_fourth  avia-builder-el-4  el_after_av_one_fourth  el_before_av_one_full  first flex_column_div av-zero-column-padding  column-top-margin'     ><section  class='av_textblock_section av-no222-26e3d717e2d6e63c4b7e96e51fe63942 '   itemscope=\"itemscope\" itemtype=\"https:\/\/schema.org\/CreativeWork\" ><div class='avia_textblock'  itemprop=\"text\" ><h3>Modellgestaltung<\/h3>\n<p>Es ist wichtig, dass an der Gestaltung des Entwurfes die zuk\u00fcnftigen Nutzer teilehmen. Bei der Arbeit am Modell trifft man an Zusammenh\u00e4nge, welche man auf Papier nicht richtig durchdenken k\u00f6nnte.<\/p>\n<p>Auf Grund der \u00dcberlegung \u00fcber die Anzahl der R\u00e4ume und deren Orientierung zu den Himmelsrichtungen haben wir mir der Gestaltung des Bildungszentrum angefangen. Die Methode der gemeinsamen Arbeit erm\u00f6glicht in das Prozess nicht nur die Kr\u00e4fte des Denkens zu bringen, sondern auch des F\u00fchlens und Willens. Jeder der Teammitglieder hat in das Prozess Leben und Freude gegeben. Bei der Teamarbeit kann man sehr gut die Zusammenh\u00e4nge f\u00fchlen und an die Arbeit der Anderen ankn\u00fcpfen. So einigt man sich nach und nach auf der Entstehung des Geb\u00e4udes und seines Umfelds. Alle Teilnehmer k\u00f6nnen sich so besser seelisch mit dem entstehenden Modell verbinden.<\/p>\n<p>Bei der Arbeit mit Ton entsteht eine gewisse ruhige und konzentrierte Laune. Es zieht unsere Aufmerksamkeit an und weckt in uns die Kr\u00e4fte der Inspiration, welche in die gemeinsame Bildung eintreten.<\/p>\n<\/div><\/section><\/div>\n\n<div  class='flex_column av-ft3bu-228c2ba31943d6572778b5010487485e av_one_full  avia-builder-el-6  el_after_av_three_fourth  avia-builder-el-last  first flex_column_div av-zero-column-padding  column-top-margin'     ><div id='av-masonry-1' class='av-masonry av-7bln6-109079021dce15d4ce25064a3c4df2c1 noHover av-flex-size av-large-gap av-hover-overlay-active av-masonry-animation- av-masonry-col-4 av-caption-always av-caption-style- av-masonry-gallery ' data-post_id=\"29860\"><div class=\"av-masonry-container isotope av-js-disabled\"><div class='av-masonry-entry isotope-item av-masonry-item-no-image '><\/div><a href=\"https:\/\/www.arc.cz\/wp-content\/uploads\/2008\/01\/00001-img_3841.jpg\" data-srcset=\"https:\/\/www.arc.cz\/wp-content\/uploads\/2008\/01\/00001-img_3841.jpg 1728w, https:\/\/www.arc.cz\/wp-content\/uploads\/2008\/01\/00001-img_3841-300x200.jpg 300w, https:\/\/www.arc.cz\/wp-content\/uploads\/2008\/01\/00001-img_3841-150x100.jpg 150w, https:\/\/www.arc.cz\/wp-content\/uploads\/2008\/01\/00001-img_3841-180x120.jpg 180w, https:\/\/www.arc.cz\/wp-content\/uploads\/2008\/01\/00001-img_3841-942x628.jpg 942w, https:\/\/www.arc.cz\/wp-content\/uploads\/2008\/01\/00001-img_3841-700x467.jpg 700w, https:\/\/www.arc.cz\/wp-content\/uploads\/2008\/01\/00001-img_3841-400x267.jpg 400w, https:\/\/www.arc.cz\/wp-content\/uploads\/2008\/01\/00001-img_3841-590x393.jpg 590w\" data-sizes=\"(max-width: 1024px) 100vw, 1024px\"  aria-label=\"Bild 00001-img_3841\"  id='av-masonry-1-item-23256' data-av-masonry-item='23256' class='av-masonry-entry isotope-item post-23256 attachment type-attachment status-inherit hentry  av-masonry-item-with-image' title=\"Blick auf das Geb\u00e4ude mit Haupteingang\" alt=\"\"    itemprop=\"thumbnailUrl\" ><div class='av-inner-masonry-sizer'><\/div><figure class='av-inner-masonry main_color'><div class=\"av-masonry-outerimage-container\"><div class='av-masonry-image-container'  ><img decoding=\"async\" width=\"400\" height=\"267\" loading=\"lazy\" class=\"wp-image-23256 avia-img-lazy-loading-23256\"  src=\"https:\/\/www.arc.cz\/wp-content\/uploads\/2008\/01\/00001-img_3841-400x267.jpg\" title=\"Blick auf das Geb\u00e4ude mit Haupteingang\" alt=\"\" srcset=\"https:\/\/www.arc.cz\/wp-content\/uploads\/2008\/01\/00001-img_3841-400x267.jpg 400w, https:\/\/www.arc.cz\/wp-content\/uploads\/2008\/01\/00001-img_3841-300x200.jpg 300w, https:\/\/www.arc.cz\/wp-content\/uploads\/2008\/01\/00001-img_3841-150x100.jpg 150w, https:\/\/www.arc.cz\/wp-content\/uploads\/2008\/01\/00001-img_3841-180x120.jpg 180w, https:\/\/www.arc.cz\/wp-content\/uploads\/2008\/01\/00001-img_3841-942x628.jpg 942w, https:\/\/www.arc.cz\/wp-content\/uploads\/2008\/01\/00001-img_3841-700x467.jpg 700w, https:\/\/www.arc.cz\/wp-content\/uploads\/2008\/01\/00001-img_3841-590x393.jpg 590w, https:\/\/www.arc.cz\/wp-content\/uploads\/2008\/01\/00001-img_3841.jpg 1728w\" sizes=\"(max-width: 400px) 100vw, 400px\" \/><\/div><\/div><figcaption class='av-inner-masonry-content site-background'><div class='av-inner-masonry-content-pos'><div class='av-inner-masonry-content-pos-content'><div class='avia-arrow'><\/div><div class='av-masonry-entry-content entry-content'  itemprop=\"text\" >Blick auf das Geb\u00e4ude mit Haupteingang<\/div><\/div><\/div><\/figcaption><\/figure><\/a><!--end av-masonry entry--><a href=\"https:\/\/www.arc.cz\/wp-content\/uploads\/2008\/01\/00002-img_3854.jpg\" data-srcset=\"https:\/\/www.arc.cz\/wp-content\/uploads\/2008\/01\/00002-img_3854.jpg 1728w, https:\/\/www.arc.cz\/wp-content\/uploads\/2008\/01\/00002-img_3854-300x200.jpg 300w, https:\/\/www.arc.cz\/wp-content\/uploads\/2008\/01\/00002-img_3854-150x100.jpg 150w, https:\/\/www.arc.cz\/wp-content\/uploads\/2008\/01\/00002-img_3854-180x120.jpg 180w, https:\/\/www.arc.cz\/wp-content\/uploads\/2008\/01\/00002-img_3854-942x628.jpg 942w, https:\/\/www.arc.cz\/wp-content\/uploads\/2008\/01\/00002-img_3854-700x467.jpg 700w, https:\/\/www.arc.cz\/wp-content\/uploads\/2008\/01\/00002-img_3854-400x267.jpg 400w, https:\/\/www.arc.cz\/wp-content\/uploads\/2008\/01\/00002-img_3854-590x393.jpg 590w\" data-sizes=\"(max-width: 1024px) 100vw, 1024px\"  aria-label=\"Bild 00002-img_3854\"  id='av-masonry-1-item-23260' data-av-masonry-item='23260' class='av-masonry-entry isotope-item post-23260 attachment type-attachment status-inherit hentry  av-masonry-item-with-image' title=\"Haupteingang und Dach \u00fcber dem Eingangsfoyer\" alt=\"\"    itemprop=\"thumbnailUrl\" ><div class='av-inner-masonry-sizer'><\/div><figure class='av-inner-masonry main_color'><div class=\"av-masonry-outerimage-container\"><div class='av-masonry-image-container'  ><img decoding=\"async\" width=\"400\" height=\"267\" loading=\"lazy\" class=\"wp-image-23260 avia-img-lazy-loading-23260\"  src=\"https:\/\/www.arc.cz\/wp-content\/uploads\/2008\/01\/00002-img_3854-400x267.jpg\" title=\"Haupteingang und Dach \u00fcber dem Eingangsfoyer\" alt=\"\" srcset=\"https:\/\/www.arc.cz\/wp-content\/uploads\/2008\/01\/00002-img_3854-400x267.jpg 400w, https:\/\/www.arc.cz\/wp-content\/uploads\/2008\/01\/00002-img_3854-300x200.jpg 300w, https:\/\/www.arc.cz\/wp-content\/uploads\/2008\/01\/00002-img_3854-150x100.jpg 150w, https:\/\/www.arc.cz\/wp-content\/uploads\/2008\/01\/00002-img_3854-180x120.jpg 180w, https:\/\/www.arc.cz\/wp-content\/uploads\/2008\/01\/00002-img_3854-942x628.jpg 942w, https:\/\/www.arc.cz\/wp-content\/uploads\/2008\/01\/00002-img_3854-700x467.jpg 700w, https:\/\/www.arc.cz\/wp-content\/uploads\/2008\/01\/00002-img_3854-590x393.jpg 590w, https:\/\/www.arc.cz\/wp-content\/uploads\/2008\/01\/00002-img_3854.jpg 1728w\" sizes=\"(max-width: 400px) 100vw, 400px\" \/><\/div><\/div><figcaption class='av-inner-masonry-content site-background'><div class='av-inner-masonry-content-pos'><div class='av-inner-masonry-content-pos-content'><div class='avia-arrow'><\/div><div class='av-masonry-entry-content entry-content'  itemprop=\"text\" >Haupteingang und Dach \u00fcber dem Eingangsfoyer<\/div><\/div><\/div><\/figcaption><\/figure><\/a><!--end av-masonry entry--><a href=\"https:\/\/www.arc.cz\/wp-content\/uploads\/2008\/01\/00003-img_3875.jpg\" data-srcset=\"https:\/\/www.arc.cz\/wp-content\/uploads\/2008\/01\/00003-img_3875.jpg 1728w, https:\/\/www.arc.cz\/wp-content\/uploads\/2008\/01\/00003-img_3875-300x200.jpg 300w, https:\/\/www.arc.cz\/wp-content\/uploads\/2008\/01\/00003-img_3875-150x100.jpg 150w, https:\/\/www.arc.cz\/wp-content\/uploads\/2008\/01\/00003-img_3875-180x120.jpg 180w, https:\/\/www.arc.cz\/wp-content\/uploads\/2008\/01\/00003-img_3875-942x628.jpg 942w, https:\/\/www.arc.cz\/wp-content\/uploads\/2008\/01\/00003-img_3875-700x467.jpg 700w, https:\/\/www.arc.cz\/wp-content\/uploads\/2008\/01\/00003-img_3875-400x267.jpg 400w, https:\/\/www.arc.cz\/wp-content\/uploads\/2008\/01\/00003-img_3875-590x393.jpg 590w\" data-sizes=\"(max-width: 1024px) 100vw, 1024px\"  aria-label=\"Bild 00003-img_3875\"  id='av-masonry-1-item-23264' data-av-masonry-item='23264' class='av-masonry-entry isotope-item post-23264 attachment type-attachment status-inherit hentry  av-masonry-item-with-image' title=\"00003-img_3875\" alt=\"\"    itemprop=\"thumbnailUrl\" ><div class='av-inner-masonry-sizer'><\/div><figure class='av-inner-masonry main_color'><div class=\"av-masonry-outerimage-container\"><div class='av-masonry-image-container'  ><img decoding=\"async\" width=\"400\" height=\"267\" loading=\"lazy\" class=\"wp-image-23264 avia-img-lazy-loading-23264\"  src=\"https:\/\/www.arc.cz\/wp-content\/uploads\/2008\/01\/00003-img_3875-400x267.jpg\" title=\"00003-img_3875\" alt=\"\" srcset=\"https:\/\/www.arc.cz\/wp-content\/uploads\/2008\/01\/00003-img_3875-400x267.jpg 400w, https:\/\/www.arc.cz\/wp-content\/uploads\/2008\/01\/00003-img_3875-300x200.jpg 300w, https:\/\/www.arc.cz\/wp-content\/uploads\/2008\/01\/00003-img_3875-150x100.jpg 150w, https:\/\/www.arc.cz\/wp-content\/uploads\/2008\/01\/00003-img_3875-180x120.jpg 180w, https:\/\/www.arc.cz\/wp-content\/uploads\/2008\/01\/00003-img_3875-942x628.jpg 942w, https:\/\/www.arc.cz\/wp-content\/uploads\/2008\/01\/00003-img_3875-700x467.jpg 700w, https:\/\/www.arc.cz\/wp-content\/uploads\/2008\/01\/00003-img_3875-590x393.jpg 590w, https:\/\/www.arc.cz\/wp-content\/uploads\/2008\/01\/00003-img_3875.jpg 1728w\" sizes=\"(max-width: 400px) 100vw, 400px\" \/><\/div><\/div><figcaption class='av-inner-masonry-content site-background'><div class='av-inner-masonry-content-pos'><div class='av-inner-masonry-content-pos-content'><div class='avia-arrow'><\/div><\/div><\/div><\/figcaption><\/figure><\/a><!--end av-masonry entry--><a href=\"https:\/\/www.arc.cz\/wp-content\/uploads\/2008\/01\/00004-img_3887.jpg\" data-srcset=\"https:\/\/www.arc.cz\/wp-content\/uploads\/2008\/01\/00004-img_3887.jpg 1728w, https:\/\/www.arc.cz\/wp-content\/uploads\/2008\/01\/00004-img_3887-300x200.jpg 300w, https:\/\/www.arc.cz\/wp-content\/uploads\/2008\/01\/00004-img_3887-150x100.jpg 150w, https:\/\/www.arc.cz\/wp-content\/uploads\/2008\/01\/00004-img_3887-180x120.jpg 180w, https:\/\/www.arc.cz\/wp-content\/uploads\/2008\/01\/00004-img_3887-942x628.jpg 942w, https:\/\/www.arc.cz\/wp-content\/uploads\/2008\/01\/00004-img_3887-700x467.jpg 700w, https:\/\/www.arc.cz\/wp-content\/uploads\/2008\/01\/00004-img_3887-400x267.jpg 400w, https:\/\/www.arc.cz\/wp-content\/uploads\/2008\/01\/00004-img_3887-590x393.jpg 590w\" data-sizes=\"(max-width: 1024px) 100vw, 1024px\"  aria-label=\"Bild 00004-img_3887\"  id='av-masonry-1-item-23276' data-av-masonry-item='23276' class='av-masonry-entry isotope-item post-23276 attachment type-attachment status-inherit hentry  av-masonry-item-with-image' title=\"Haupteingang, links das Geb\u00e4ude des Pflegeheimes\" alt=\"\"    itemprop=\"thumbnailUrl\" ><div class='av-inner-masonry-sizer'><\/div><figure class='av-inner-masonry main_color'><div class=\"av-masonry-outerimage-container\"><div class='av-masonry-image-container'  ><img decoding=\"async\" width=\"400\" height=\"267\" loading=\"lazy\" class=\"wp-image-23276 avia-img-lazy-loading-23276\"  src=\"https:\/\/www.arc.cz\/wp-content\/uploads\/2008\/01\/00004-img_3887-400x267.jpg\" title=\"Haupteingang, links das Geb\u00e4ude des Pflegeheimes\" alt=\"\" srcset=\"https:\/\/www.arc.cz\/wp-content\/uploads\/2008\/01\/00004-img_3887-400x267.jpg 400w, https:\/\/www.arc.cz\/wp-content\/uploads\/2008\/01\/00004-img_3887-300x200.jpg 300w, https:\/\/www.arc.cz\/wp-content\/uploads\/2008\/01\/00004-img_3887-150x100.jpg 150w, https:\/\/www.arc.cz\/wp-content\/uploads\/2008\/01\/00004-img_3887-180x120.jpg 180w, https:\/\/www.arc.cz\/wp-content\/uploads\/2008\/01\/00004-img_3887-942x628.jpg 942w, https:\/\/www.arc.cz\/wp-content\/uploads\/2008\/01\/00004-img_3887-700x467.jpg 700w, https:\/\/www.arc.cz\/wp-content\/uploads\/2008\/01\/00004-img_3887-590x393.jpg 590w, https:\/\/www.arc.cz\/wp-content\/uploads\/2008\/01\/00004-img_3887.jpg 1728w\" sizes=\"(max-width: 400px) 100vw, 400px\" \/><\/div><\/div><figcaption class='av-inner-masonry-content site-background'><div class='av-inner-masonry-content-pos'><div class='av-inner-masonry-content-pos-content'><div class='avia-arrow'><\/div><div class='av-masonry-entry-content entry-content'  itemprop=\"text\" >Haupteingang, links das Geb\u00e4ude des Pflegeheimes<\/div><\/div><\/div><\/figcaption><\/figure><\/a><!--end av-masonry entry--><a href=\"https:\/\/www.arc.cz\/wp-content\/uploads\/2008\/01\/00005-west_view1.jpg\" data-srcset=\"https:\/\/www.arc.cz\/wp-content\/uploads\/2008\/01\/00005-west_view1.jpg 1728w, https:\/\/www.arc.cz\/wp-content\/uploads\/2008\/01\/00005-west_view1-300x200.jpg 300w, https:\/\/www.arc.cz\/wp-content\/uploads\/2008\/01\/00005-west_view1-150x100.jpg 150w, https:\/\/www.arc.cz\/wp-content\/uploads\/2008\/01\/00005-west_view1-180x120.jpg 180w, https:\/\/www.arc.cz\/wp-content\/uploads\/2008\/01\/00005-west_view1-942x628.jpg 942w, https:\/\/www.arc.cz\/wp-content\/uploads\/2008\/01\/00005-west_view1-700x467.jpg 700w, https:\/\/www.arc.cz\/wp-content\/uploads\/2008\/01\/00005-west_view1-400x267.jpg 400w, https:\/\/www.arc.cz\/wp-content\/uploads\/2008\/01\/00005-west_view1-590x393.jpg 590w\" data-sizes=\"(max-width: 1024px) 100vw, 1024px\"  aria-label=\"Bild 00005-west_view1\"  id='av-masonry-1-item-23280' data-av-masonry-item='23280' class='av-masonry-entry isotope-item post-23280 attachment type-attachment status-inherit hentry  av-masonry-item-with-image' title=\"Vorne rechts - Geb\u00e4ude mit den Werst\u00e4tten f\u00fcr behinderte Menschen\" alt=\"\"    itemprop=\"thumbnailUrl\" ><div class='av-inner-masonry-sizer'><\/div><figure class='av-inner-masonry main_color'><div class=\"av-masonry-outerimage-container\"><div class='av-masonry-image-container'  ><img decoding=\"async\" width=\"400\" height=\"267\" loading=\"lazy\" class=\"wp-image-23280 avia-img-lazy-loading-23280\"  src=\"https:\/\/www.arc.cz\/wp-content\/uploads\/2008\/01\/00005-west_view1-400x267.jpg\" title=\"Vorne rechts - Geb\u00e4ude mit den Werst\u00e4tten f\u00fcr behinderte Menschen\" alt=\"\" srcset=\"https:\/\/www.arc.cz\/wp-content\/uploads\/2008\/01\/00005-west_view1-400x267.jpg 400w, https:\/\/www.arc.cz\/wp-content\/uploads\/2008\/01\/00005-west_view1-300x200.jpg 300w, https:\/\/www.arc.cz\/wp-content\/uploads\/2008\/01\/00005-west_view1-150x100.jpg 150w, https:\/\/www.arc.cz\/wp-content\/uploads\/2008\/01\/00005-west_view1-180x120.jpg 180w, https:\/\/www.arc.cz\/wp-content\/uploads\/2008\/01\/00005-west_view1-942x628.jpg 942w, https:\/\/www.arc.cz\/wp-content\/uploads\/2008\/01\/00005-west_view1-700x467.jpg 700w, https:\/\/www.arc.cz\/wp-content\/uploads\/2008\/01\/00005-west_view1-590x393.jpg 590w, https:\/\/www.arc.cz\/wp-content\/uploads\/2008\/01\/00005-west_view1.jpg 1728w\" sizes=\"(max-width: 400px) 100vw, 400px\" \/><\/div><\/div><figcaption class='av-inner-masonry-content site-background'><div class='av-inner-masonry-content-pos'><div class='av-inner-masonry-content-pos-content'><div class='avia-arrow'><\/div><div class='av-masonry-entry-content entry-content'  itemprop=\"text\" >Vorne rechts - Geb\u00e4ude mit den Werst\u00e4tten f\u00fcr behinderte Menschen<\/div><\/div><\/div><\/figcaption><\/figure><\/a><!--end av-masonry entry--><a href=\"https:\/\/www.arc.cz\/wp-content\/uploads\/2008\/01\/img_3889.jpg\" data-srcset=\"https:\/\/www.arc.cz\/wp-content\/uploads\/2008\/01\/img_3889.jpg 1728w, https:\/\/www.arc.cz\/wp-content\/uploads\/2008\/01\/img_3889-300x200.jpg 300w, https:\/\/www.arc.cz\/wp-content\/uploads\/2008\/01\/img_3889-150x100.jpg 150w, https:\/\/www.arc.cz\/wp-content\/uploads\/2008\/01\/img_3889-180x120.jpg 180w, https:\/\/www.arc.cz\/wp-content\/uploads\/2008\/01\/img_3889-942x628.jpg 942w, https:\/\/www.arc.cz\/wp-content\/uploads\/2008\/01\/img_3889-700x467.jpg 700w, https:\/\/www.arc.cz\/wp-content\/uploads\/2008\/01\/img_3889-400x267.jpg 400w, https:\/\/www.arc.cz\/wp-content\/uploads\/2008\/01\/img_3889-590x393.jpg 590w\" data-sizes=\"(max-width: 1024px) 100vw, 1024px\"  aria-label=\"Bild IMG_3889\"  id='av-masonry-1-item-30781' data-av-masonry-item='30781' class='av-masonry-entry isotope-item post-30781 attachment type-attachment status-inherit hentry  av-masonry-item-with-image' title=\"vorne rechts - Pflegehaus\" alt=\"\"    itemprop=\"thumbnailUrl\" ><div class='av-inner-masonry-sizer'><\/div><figure class='av-inner-masonry main_color'><div class=\"av-masonry-outerimage-container\"><div class='av-masonry-image-container'  ><img decoding=\"async\" width=\"400\" height=\"267\" loading=\"lazy\" class=\"wp-image-30781 avia-img-lazy-loading-30781\"  src=\"https:\/\/www.arc.cz\/wp-content\/uploads\/2008\/01\/img_3889-400x267.jpg\" title=\"vorne rechts - Pflegehaus\" alt=\"\" srcset=\"https:\/\/www.arc.cz\/wp-content\/uploads\/2008\/01\/img_3889-400x267.jpg 400w, https:\/\/www.arc.cz\/wp-content\/uploads\/2008\/01\/img_3889-300x200.jpg 300w, https:\/\/www.arc.cz\/wp-content\/uploads\/2008\/01\/img_3889-150x100.jpg 150w, https:\/\/www.arc.cz\/wp-content\/uploads\/2008\/01\/img_3889-180x120.jpg 180w, https:\/\/www.arc.cz\/wp-content\/uploads\/2008\/01\/img_3889-942x628.jpg 942w, https:\/\/www.arc.cz\/wp-content\/uploads\/2008\/01\/img_3889-700x467.jpg 700w, https:\/\/www.arc.cz\/wp-content\/uploads\/2008\/01\/img_3889-590x393.jpg 590w, https:\/\/www.arc.cz\/wp-content\/uploads\/2008\/01\/img_3889.jpg 1728w\" sizes=\"(max-width: 400px) 100vw, 400px\" \/><\/div><\/div><figcaption class='av-inner-masonry-content site-background'><div class='av-inner-masonry-content-pos'><div class='av-inner-masonry-content-pos-content'><div class='avia-arrow'><\/div><div class='av-masonry-entry-content entry-content'  itemprop=\"text\" >vorne rechts - Pflegehaus<\/div><\/div><\/div><\/figcaption><\/figure><\/a><!--end av-masonry entry--><a href=\"https:\/\/www.arc.cz\/wp-content\/uploads\/2008\/01\/img_3858.jpg\" data-srcset=\"https:\/\/www.arc.cz\/wp-content\/uploads\/2008\/01\/img_3858.jpg 1728w, https:\/\/www.arc.cz\/wp-content\/uploads\/2008\/01\/img_3858-300x200.jpg 300w, https:\/\/www.arc.cz\/wp-content\/uploads\/2008\/01\/img_3858-150x100.jpg 150w, https:\/\/www.arc.cz\/wp-content\/uploads\/2008\/01\/img_3858-180x120.jpg 180w, https:\/\/www.arc.cz\/wp-content\/uploads\/2008\/01\/img_3858-942x628.jpg 942w, https:\/\/www.arc.cz\/wp-content\/uploads\/2008\/01\/img_3858-700x467.jpg 700w, https:\/\/www.arc.cz\/wp-content\/uploads\/2008\/01\/img_3858-400x267.jpg 400w, https:\/\/www.arc.cz\/wp-content\/uploads\/2008\/01\/img_3858-590x393.jpg 590w\" data-sizes=\"(max-width: 1024px) 100vw, 1024px\"  aria-label=\"Bild IMG_3858\"  id='av-masonry-1-item-30786' data-av-masonry-item='30786' class='av-masonry-entry isotope-item post-30786 attachment type-attachment status-inherit hentry  av-masonry-item-with-image' title=\"Geb\u00e4ude des Pfegehauses\" alt=\"\"    itemprop=\"thumbnailUrl\" ><div class='av-inner-masonry-sizer'><\/div><figure class='av-inner-masonry main_color'><div class=\"av-masonry-outerimage-container\"><div class='av-masonry-image-container'  ><img decoding=\"async\" width=\"400\" height=\"267\" loading=\"lazy\" class=\"wp-image-30786 avia-img-lazy-loading-30786\"  src=\"https:\/\/www.arc.cz\/wp-content\/uploads\/2008\/01\/img_3858-400x267.jpg\" title=\"Geb\u00e4ude des Pfegehauses\" alt=\"\" srcset=\"https:\/\/www.arc.cz\/wp-content\/uploads\/2008\/01\/img_3858-400x267.jpg 400w, https:\/\/www.arc.cz\/wp-content\/uploads\/2008\/01\/img_3858-300x200.jpg 300w, https:\/\/www.arc.cz\/wp-content\/uploads\/2008\/01\/img_3858-150x100.jpg 150w, https:\/\/www.arc.cz\/wp-content\/uploads\/2008\/01\/img_3858-180x120.jpg 180w, https:\/\/www.arc.cz\/wp-content\/uploads\/2008\/01\/img_3858-942x628.jpg 942w, https:\/\/www.arc.cz\/wp-content\/uploads\/2008\/01\/img_3858-700x467.jpg 700w, https:\/\/www.arc.cz\/wp-content\/uploads\/2008\/01\/img_3858-590x393.jpg 590w, https:\/\/www.arc.cz\/wp-content\/uploads\/2008\/01\/img_3858.jpg 1728w\" sizes=\"(max-width: 400px) 100vw, 400px\" \/><\/div><\/div><figcaption class='av-inner-masonry-content site-background'><div class='av-inner-masonry-content-pos'><div class='av-inner-masonry-content-pos-content'><div class='avia-arrow'><\/div><div class='av-masonry-entry-content entry-content'  itemprop=\"text\" >Geb\u00e4ude des Pfegehauses<\/div><\/div><\/div><\/figcaption><\/figure><\/a><!--end av-masonry entry--><a href=\"https:\/\/www.arc.cz\/wp-content\/uploads\/2008\/01\/img_3864.jpg\" data-srcset=\"https:\/\/www.arc.cz\/wp-content\/uploads\/2008\/01\/img_3864.jpg 1728w, https:\/\/www.arc.cz\/wp-content\/uploads\/2008\/01\/img_3864-300x200.jpg 300w, https:\/\/www.arc.cz\/wp-content\/uploads\/2008\/01\/img_3864-150x100.jpg 150w, https:\/\/www.arc.cz\/wp-content\/uploads\/2008\/01\/img_3864-180x120.jpg 180w, https:\/\/www.arc.cz\/wp-content\/uploads\/2008\/01\/img_3864-942x628.jpg 942w, https:\/\/www.arc.cz\/wp-content\/uploads\/2008\/01\/img_3864-700x467.jpg 700w, https:\/\/www.arc.cz\/wp-content\/uploads\/2008\/01\/img_3864-400x267.jpg 400w, https:\/\/www.arc.cz\/wp-content\/uploads\/2008\/01\/img_3864-590x393.jpg 590w\" data-sizes=\"(max-width: 1024px) 100vw, 1024px\"  aria-label=\"Bild IMG_3864\"  id='av-masonry-1-item-30791' data-av-masonry-item='30791' class='av-masonry-entry isotope-item post-30791 attachment type-attachment status-inherit hentry  av-masonry-item-with-image' title=\"Sicht auf das ganze Areal mit dem Theatergeb\u00e4ude in der Mitte\" alt=\"\"    itemprop=\"thumbnailUrl\" ><div class='av-inner-masonry-sizer'><\/div><figure class='av-inner-masonry main_color'><div class=\"av-masonry-outerimage-container\"><div class='av-masonry-image-container'  ><img decoding=\"async\" width=\"400\" height=\"267\" loading=\"lazy\" class=\"wp-image-30791 avia-img-lazy-loading-30791\"  src=\"https:\/\/www.arc.cz\/wp-content\/uploads\/2008\/01\/img_3864-400x267.jpg\" title=\"Sicht auf das ganze Areal mit dem Theatergeb\u00e4ude in der Mitte\" alt=\"\" srcset=\"https:\/\/www.arc.cz\/wp-content\/uploads\/2008\/01\/img_3864-400x267.jpg 400w, https:\/\/www.arc.cz\/wp-content\/uploads\/2008\/01\/img_3864-300x200.jpg 300w, https:\/\/www.arc.cz\/wp-content\/uploads\/2008\/01\/img_3864-150x100.jpg 150w, https:\/\/www.arc.cz\/wp-content\/uploads\/2008\/01\/img_3864-180x120.jpg 180w, https:\/\/www.arc.cz\/wp-content\/uploads\/2008\/01\/img_3864-942x628.jpg 942w, https:\/\/www.arc.cz\/wp-content\/uploads\/2008\/01\/img_3864-700x467.jpg 700w, https:\/\/www.arc.cz\/wp-content\/uploads\/2008\/01\/img_3864-590x393.jpg 590w, https:\/\/www.arc.cz\/wp-content\/uploads\/2008\/01\/img_3864.jpg 1728w\" sizes=\"(max-width: 400px) 100vw, 400px\" \/><\/div><\/div><figcaption class='av-inner-masonry-content site-background'><div class='av-inner-masonry-content-pos'><div class='av-inner-masonry-content-pos-content'><div class='avia-arrow'><\/div><div class='av-masonry-entry-content entry-content'  itemprop=\"text\" >Sicht auf das ganze Areal mit dem Theatergeb\u00e4ude in der Mitte<\/div><\/div><\/div><\/figcaption><\/figure><\/a><!--end av-masonry entry--><a href=\"https:\/\/www.arc.cz\/wp-content\/uploads\/2008\/01\/img_3865.jpg\" data-srcset=\"https:\/\/www.arc.cz\/wp-content\/uploads\/2008\/01\/img_3865.jpg 1728w, https:\/\/www.arc.cz\/wp-content\/uploads\/2008\/01\/img_3865-300x200.jpg 300w, https:\/\/www.arc.cz\/wp-content\/uploads\/2008\/01\/img_3865-150x100.jpg 150w, https:\/\/www.arc.cz\/wp-content\/uploads\/2008\/01\/img_3865-180x120.jpg 180w, https:\/\/www.arc.cz\/wp-content\/uploads\/2008\/01\/img_3865-942x628.jpg 942w, https:\/\/www.arc.cz\/wp-content\/uploads\/2008\/01\/img_3865-700x467.jpg 700w, https:\/\/www.arc.cz\/wp-content\/uploads\/2008\/01\/img_3865-400x267.jpg 400w, https:\/\/www.arc.cz\/wp-content\/uploads\/2008\/01\/img_3865-590x393.jpg 590w\" data-sizes=\"(max-width: 1024px) 100vw, 1024px\"  aria-label=\"Bild IMG_3865\"  id='av-masonry-1-item-30796' data-av-masonry-item='30796' class='av-masonry-entry isotope-item post-30796 attachment type-attachment status-inherit hentry  av-masonry-item-with-image' title=\"rechts - Pflegerhaus\" alt=\"\"    itemprop=\"thumbnailUrl\" ><div class='av-inner-masonry-sizer'><\/div><figure class='av-inner-masonry main_color'><div class=\"av-masonry-outerimage-container\"><div class='av-masonry-image-container'  ><img decoding=\"async\" width=\"400\" height=\"267\" loading=\"lazy\" class=\"wp-image-30796 avia-img-lazy-loading-30796\"  src=\"https:\/\/www.arc.cz\/wp-content\/uploads\/2008\/01\/img_3865-400x267.jpg\" title=\"rechts - Pflegerhaus\" alt=\"\" srcset=\"https:\/\/www.arc.cz\/wp-content\/uploads\/2008\/01\/img_3865-400x267.jpg 400w, https:\/\/www.arc.cz\/wp-content\/uploads\/2008\/01\/img_3865-300x200.jpg 300w, https:\/\/www.arc.cz\/wp-content\/uploads\/2008\/01\/img_3865-150x100.jpg 150w, https:\/\/www.arc.cz\/wp-content\/uploads\/2008\/01\/img_3865-180x120.jpg 180w, https:\/\/www.arc.cz\/wp-content\/uploads\/2008\/01\/img_3865-942x628.jpg 942w, https:\/\/www.arc.cz\/wp-content\/uploads\/2008\/01\/img_3865-700x467.jpg 700w, https:\/\/www.arc.cz\/wp-content\/uploads\/2008\/01\/img_3865-590x393.jpg 590w, https:\/\/www.arc.cz\/wp-content\/uploads\/2008\/01\/img_3865.jpg 1728w\" sizes=\"(max-width: 400px) 100vw, 400px\" \/><\/div><\/div><figcaption class='av-inner-masonry-content site-background'><div class='av-inner-masonry-content-pos'><div class='av-inner-masonry-content-pos-content'><div class='avia-arrow'><\/div><div class='av-masonry-entry-content entry-content'  itemprop=\"text\" >rechts - Pflegerhaus<\/div><\/div><\/div><\/figcaption><\/figure><\/a><!--end av-masonry entry--><a href=\"https:\/\/www.arc.cz\/wp-content\/uploads\/2008\/01\/img_3866.jpg\" data-srcset=\"https:\/\/www.arc.cz\/wp-content\/uploads\/2008\/01\/img_3866.jpg 1728w, https:\/\/www.arc.cz\/wp-content\/uploads\/2008\/01\/img_3866-300x200.jpg 300w, https:\/\/www.arc.cz\/wp-content\/uploads\/2008\/01\/img_3866-150x100.jpg 150w, https:\/\/www.arc.cz\/wp-content\/uploads\/2008\/01\/img_3866-180x120.jpg 180w, https:\/\/www.arc.cz\/wp-content\/uploads\/2008\/01\/img_3866-942x628.jpg 942w, https:\/\/www.arc.cz\/wp-content\/uploads\/2008\/01\/img_3866-700x467.jpg 700w, https:\/\/www.arc.cz\/wp-content\/uploads\/2008\/01\/img_3866-400x267.jpg 400w, https:\/\/www.arc.cz\/wp-content\/uploads\/2008\/01\/img_3866-590x393.jpg 590w\" data-sizes=\"(max-width: 1024px) 100vw, 1024px\"  aria-label=\"Bild IMG_3866\"  id='av-masonry-1-item-30801' data-av-masonry-item='30801' class='av-masonry-entry isotope-item post-30801 attachment type-attachment status-inherit hentry  av-masonry-item-with-image' title=\"Geb\u00e4ude des Pflegerhauses, Sicht aus dem Garten\" alt=\"\"    itemprop=\"thumbnailUrl\" ><div class='av-inner-masonry-sizer'><\/div><figure class='av-inner-masonry main_color'><div class=\"av-masonry-outerimage-container\"><div class='av-masonry-image-container'  ><img decoding=\"async\" width=\"400\" height=\"267\" loading=\"lazy\" class=\"wp-image-30801 avia-img-lazy-loading-30801\"  src=\"https:\/\/www.arc.cz\/wp-content\/uploads\/2008\/01\/img_3866-400x267.jpg\" title=\"Geb\u00e4ude des Pflegerhauses, Sicht aus dem Garten\" alt=\"\" srcset=\"https:\/\/www.arc.cz\/wp-content\/uploads\/2008\/01\/img_3866-400x267.jpg 400w, https:\/\/www.arc.cz\/wp-content\/uploads\/2008\/01\/img_3866-300x200.jpg 300w, https:\/\/www.arc.cz\/wp-content\/uploads\/2008\/01\/img_3866-150x100.jpg 150w, https:\/\/www.arc.cz\/wp-content\/uploads\/2008\/01\/img_3866-180x120.jpg 180w, https:\/\/www.arc.cz\/wp-content\/uploads\/2008\/01\/img_3866-942x628.jpg 942w, https:\/\/www.arc.cz\/wp-content\/uploads\/2008\/01\/img_3866-700x467.jpg 700w, https:\/\/www.arc.cz\/wp-content\/uploads\/2008\/01\/img_3866-590x393.jpg 590w, https:\/\/www.arc.cz\/wp-content\/uploads\/2008\/01\/img_3866.jpg 1728w\" sizes=\"(max-width: 400px) 100vw, 400px\" \/><\/div><\/div><figcaption class='av-inner-masonry-content site-background'><div class='av-inner-masonry-content-pos'><div class='av-inner-masonry-content-pos-content'><div class='avia-arrow'><\/div><div class='av-masonry-entry-content entry-content'  itemprop=\"text\" >Geb\u00e4ude des Pflegerhauses, Sicht aus dem Garten<\/div><\/div><\/div><\/figcaption><\/figure><\/a><!--end av-masonry entry--><\/div><\/div><\/div>","protected":false},"excerpt":{"rendered":"","protected":false},"author":1,"featured_media":23256,"template":"","meta":[],"tags":[],"portfolio_entries":[173],"yoast_head":"<!-- This site is optimized with the Yoast SEO plugin v23.1 - https:\/\/yoast.com\/wordpress\/plugins\/seo\/ -->\n<title>Studie des neuen Sitzes der Anthroposophischen Gesellschaft - Studio ARC<\/title>\n<meta name=\"robots\" content=\"index, follow, max-snippet:-1, max-image-preview:large, max-video-preview:-1\" \/>\n<link rel=\"canonical\" href=\"https:\/\/www.arc.cz\/de\/portfolio-item\/2008-studie-sidla-antroposoficke-spol\/\" \/>\n<meta property=\"og:locale\" content=\"de_DE\" \/>\n<meta property=\"og:type\" content=\"article\" \/>\n<meta property=\"og:title\" content=\"Studie des neuen Sitzes der Anthroposophischen Gesellschaft - Studio ARC\" \/>\n<meta property=\"og:url\" content=\"https:\/\/www.arc.cz\/de\/portfolio-item\/2008-studie-sidla-antroposoficke-spol\/\" \/>\n<meta property=\"og:site_name\" content=\"Studio ARC\" \/>\n<meta property=\"article:modified_time\" content=\"2024-07-30T11:38:06+00:00\" \/>\n<meta property=\"og:image\" content=\"https:\/\/www.arc.cz\/wp-content\/uploads\/2008\/01\/00001-img_3841.jpg\" \/>\n\t<meta property=\"og:image:width\" content=\"1728\" \/>\n\t<meta property=\"og:image:height\" content=\"1152\" \/>\n\t<meta property=\"og:image:type\" content=\"image\/jpeg\" \/>\n<meta name=\"twitter:card\" content=\"summary_large_image\" \/>\n<meta name=\"twitter:label1\" content=\"Gesch\u00e4tzte Lesezeit\" \/>\n\t<meta name=\"twitter:data1\" content=\"3\u00a0Minuten\" \/>\n<script type=\"application\/ld+json\" class=\"yoast-schema-graph\">{\"@context\":\"https:\/\/schema.org\",\"@graph\":[{\"@type\":\"WebPage\",\"@id\":\"https:\/\/www.arc.cz\/de\/portfolio-item\/2008-studie-sidla-antroposoficke-spol\/\",\"url\":\"https:\/\/www.arc.cz\/de\/portfolio-item\/2008-studie-sidla-antroposoficke-spol\/\",\"name\":\"Studie des neuen Sitzes der Anthroposophischen Gesellschaft - Studio ARC\",\"isPartOf\":{\"@id\":\"https:\/\/www.arc.cz\/de\/#website\"},\"primaryImageOfPage\":{\"@id\":\"https:\/\/www.arc.cz\/de\/portfolio-item\/2008-studie-sidla-antroposoficke-spol\/#primaryimage\"},\"image\":{\"@id\":\"https:\/\/www.arc.cz\/de\/portfolio-item\/2008-studie-sidla-antroposoficke-spol\/#primaryimage\"},\"thumbnailUrl\":\"https:\/\/www.arc.cz\/wp-content\/uploads\/2008\/01\/00001-img_3841.jpg\",\"datePublished\":\"2008-01-10T18:22:42+00:00\",\"dateModified\":\"2024-07-30T11:38:06+00:00\",\"breadcrumb\":{\"@id\":\"https:\/\/www.arc.cz\/de\/portfolio-item\/2008-studie-sidla-antroposoficke-spol\/#breadcrumb\"},\"inLanguage\":\"de\",\"potentialAction\":[{\"@type\":\"ReadAction\",\"target\":[\"https:\/\/www.arc.cz\/de\/portfolio-item\/2008-studie-sidla-antroposoficke-spol\/\"]}]},{\"@type\":\"ImageObject\",\"inLanguage\":\"de\",\"@id\":\"https:\/\/www.arc.cz\/de\/portfolio-item\/2008-studie-sidla-antroposoficke-spol\/#primaryimage\",\"url\":\"https:\/\/www.arc.cz\/wp-content\/uploads\/2008\/01\/00001-img_3841.jpg\",\"contentUrl\":\"https:\/\/www.arc.cz\/wp-content\/uploads\/2008\/01\/00001-img_3841.jpg\",\"width\":1728,\"height\":1152,\"caption\":\"Blick auf das Geb\u00e4ude mit Haupteingang\"},{\"@type\":\"BreadcrumbList\",\"@id\":\"https:\/\/www.arc.cz\/de\/portfolio-item\/2008-studie-sidla-antroposoficke-spol\/#breadcrumb\",\"itemListElement\":[{\"@type\":\"ListItem\",\"position\":1,\"name\":\"Dom\u016f\",\"item\":\"https:\/\/www.arc.cz\/de\/celostni-a-organicka-architektura\/\"},{\"@type\":\"ListItem\",\"position\":2,\"name\":\"Studie des neuen Sitzes der Anthroposophischen Gesellschaft\"}]},{\"@type\":\"WebSite\",\"@id\":\"https:\/\/www.arc.cz\/de\/#website\",\"url\":\"https:\/\/www.arc.cz\/de\/\",\"name\":\"Studio ARC\",\"description\":\"Old\u0159ich Hozman Architect | Holistic and organic architecture\",\"publisher\":{\"@id\":\"https:\/\/www.arc.cz\/de\/#organization\"},\"potentialAction\":[{\"@type\":\"SearchAction\",\"target\":{\"@type\":\"EntryPoint\",\"urlTemplate\":\"https:\/\/www.arc.cz\/de\/?s={search_term_string}\"},\"query-input\":\"required name=search_term_string\"}],\"inLanguage\":\"de\"},{\"@type\":\"Organization\",\"@id\":\"https:\/\/www.arc.cz\/de\/#organization\",\"name\":\"Studio ARC\",\"url\":\"https:\/\/www.arc.cz\/de\/\",\"logo\":{\"@type\":\"ImageObject\",\"inLanguage\":\"de\",\"@id\":\"https:\/\/www.arc.cz\/de\/#\/schema\/logo\/image\/\",\"url\":\"https:\/\/www.arc.cz\/wp-content\/uploads\/logo.gif\",\"contentUrl\":\"https:\/\/www.arc.cz\/wp-content\/uploads\/logo.gif\",\"width\":125,\"height\":125,\"caption\":\"Studio ARC\"},\"image\":{\"@id\":\"https:\/\/www.arc.cz\/de\/#\/schema\/logo\/image\/\"}}]}<\/script>\n<!-- \/ Yoast SEO plugin. -->","yoast_head_json":{"title":"Studie des neuen Sitzes der Anthroposophischen Gesellschaft - Studio ARC","robots":{"index":"index","follow":"follow","max-snippet":"max-snippet:-1","max-image-preview":"max-image-preview:large","max-video-preview":"max-video-preview:-1"},"canonical":"https:\/\/www.arc.cz\/de\/portfolio-item\/2008-studie-sidla-antroposoficke-spol\/","og_locale":"de_DE","og_type":"article","og_title":"Studie des neuen Sitzes der Anthroposophischen Gesellschaft - Studio ARC","og_url":"https:\/\/www.arc.cz\/de\/portfolio-item\/2008-studie-sidla-antroposoficke-spol\/","og_site_name":"Studio ARC","article_modified_time":"2024-07-30T11:38:06+00:00","og_image":[{"width":1728,"height":1152,"url":"https:\/\/www.arc.cz\/wp-content\/uploads\/2008\/01\/00001-img_3841.jpg","type":"image\/jpeg"}],"twitter_card":"summary_large_image","twitter_misc":{"Gesch\u00e4tzte Lesezeit":"3\u00a0Minuten"},"schema":{"@context":"https:\/\/schema.org","@graph":[{"@type":"WebPage","@id":"https:\/\/www.arc.cz\/de\/portfolio-item\/2008-studie-sidla-antroposoficke-spol\/","url":"https:\/\/www.arc.cz\/de\/portfolio-item\/2008-studie-sidla-antroposoficke-spol\/","name":"Studie des neuen Sitzes der Anthroposophischen Gesellschaft - Studio ARC","isPartOf":{"@id":"https:\/\/www.arc.cz\/de\/#website"},"primaryImageOfPage":{"@id":"https:\/\/www.arc.cz\/de\/portfolio-item\/2008-studie-sidla-antroposoficke-spol\/#primaryimage"},"image":{"@id":"https:\/\/www.arc.cz\/de\/portfolio-item\/2008-studie-sidla-antroposoficke-spol\/#primaryimage"},"thumbnailUrl":"https:\/\/www.arc.cz\/wp-content\/uploads\/2008\/01\/00001-img_3841.jpg","datePublished":"2008-01-10T18:22:42+00:00","dateModified":"2024-07-30T11:38:06+00:00","breadcrumb":{"@id":"https:\/\/www.arc.cz\/de\/portfolio-item\/2008-studie-sidla-antroposoficke-spol\/#breadcrumb"},"inLanguage":"de","potentialAction":[{"@type":"ReadAction","target":["https:\/\/www.arc.cz\/de\/portfolio-item\/2008-studie-sidla-antroposoficke-spol\/"]}]},{"@type":"ImageObject","inLanguage":"de","@id":"https:\/\/www.arc.cz\/de\/portfolio-item\/2008-studie-sidla-antroposoficke-spol\/#primaryimage","url":"https:\/\/www.arc.cz\/wp-content\/uploads\/2008\/01\/00001-img_3841.jpg","contentUrl":"https:\/\/www.arc.cz\/wp-content\/uploads\/2008\/01\/00001-img_3841.jpg","width":1728,"height":1152,"caption":"Blick auf das Geb\u00e4ude mit Haupteingang"},{"@type":"BreadcrumbList","@id":"https:\/\/www.arc.cz\/de\/portfolio-item\/2008-studie-sidla-antroposoficke-spol\/#breadcrumb","itemListElement":[{"@type":"ListItem","position":1,"name":"Dom\u016f","item":"https:\/\/www.arc.cz\/de\/celostni-a-organicka-architektura\/"},{"@type":"ListItem","position":2,"name":"Studie des neuen Sitzes der Anthroposophischen Gesellschaft"}]},{"@type":"WebSite","@id":"https:\/\/www.arc.cz\/de\/#website","url":"https:\/\/www.arc.cz\/de\/","name":"Studio ARC","description":"Old\u0159ich Hozman Architect | Holistic and organic architecture","publisher":{"@id":"https:\/\/www.arc.cz\/de\/#organization"},"potentialAction":[{"@type":"SearchAction","target":{"@type":"EntryPoint","urlTemplate":"https:\/\/www.arc.cz\/de\/?s={search_term_string}"},"query-input":"required name=search_term_string"}],"inLanguage":"de"},{"@type":"Organization","@id":"https:\/\/www.arc.cz\/de\/#organization","name":"Studio ARC","url":"https:\/\/www.arc.cz\/de\/","logo":{"@type":"ImageObject","inLanguage":"de","@id":"https:\/\/www.arc.cz\/de\/#\/schema\/logo\/image\/","url":"https:\/\/www.arc.cz\/wp-content\/uploads\/logo.gif","contentUrl":"https:\/\/www.arc.cz\/wp-content\/uploads\/logo.gif","width":125,"height":125,"caption":"Studio ARC"},"image":{"@id":"https:\/\/www.arc.cz\/de\/#\/schema\/logo\/image\/"}}]}},"_links":{"self":[{"href":"https:\/\/www.arc.cz\/de\/wp-json\/wp\/v2\/portfolio\/29860"}],"collection":[{"href":"https:\/\/www.arc.cz\/de\/wp-json\/wp\/v2\/portfolio"}],"about":[{"href":"https:\/\/www.arc.cz\/de\/wp-json\/wp\/v2\/types\/portfolio"}],"author":[{"embeddable":true,"href":"https:\/\/www.arc.cz\/de\/wp-json\/wp\/v2\/users\/1"}],"version-history":[{"count":4,"href":"https:\/\/www.arc.cz\/de\/wp-json\/wp\/v2\/portfolio\/29860\/revisions"}],"predecessor-version":[{"id":190446,"href":"https:\/\/www.arc.cz\/de\/wp-json\/wp\/v2\/portfolio\/29860\/revisions\/190446"}],"wp:featuredmedia":[{"embeddable":true,"href":"https:\/\/www.arc.cz\/de\/wp-json\/wp\/v2\/media\/23256"}],"wp:attachment":[{"href":"https:\/\/www.arc.cz\/de\/wp-json\/wp\/v2\/media?parent=29860"}],"wp:term":[{"taxonomy":"post_tag","embeddable":true,"href":"https:\/\/www.arc.cz\/de\/wp-json\/wp\/v2\/tags?post=29860"},{"taxonomy":"portfolio_entries","embeddable":true,"href":"https:\/\/www.arc.cz\/de\/wp-json\/wp\/v2\/portfolio_entries?post=29860"}],"curies":[{"name":"wp","href":"https:\/\/api.w.org\/{rel}","templated":true}]}}